{"id":45,"date":"2022-12-22T18:48:28","date_gmt":"2022-12-22T18:48:28","guid":{"rendered":"https:\/\/cori.institute\/?page_id=45"},"modified":"2023-08-09T10:29:26","modified_gmt":"2023-08-09T10:29:26","slug":"equipo","status":"publish","type":"page","link":"https:\/\/cori.institute\/index.php\/equipo\/","title":{"rendered":"EQUIPO"},"content":{"rendered":"\t\t<div data-elementor-type=\"wp-page\" data-elementor-id=\"45\" class=\"elementor elementor-45\">\n\t\t\t\t\t\t<section class=\"elementor-section elementor-top-section elementor-element elementor-element-32b617d elementor-section-full_width elementor-section-height-default elementor-section-height-default\" data-id=\"32b617d\" data-element_type=\"section\" data-settings=\"{&quot;background_background&quot;:&quot;classic&quot;}\">\n\t\t\t\t\t\t<div class=\"elementor-container elementor-column-gap-default\">\n\t\t\t\t\t<div class=\"elementor-column elementor-col-100 elementor-top-column elementor-element elementor-element-d9054ca\" data-id=\"d9054ca\" data-element_type=\"column\">\n\t\t\t<div class=\"elementor-widget-wrap elementor-element-populated\">\n\t\t\t\t\t\t<div class=\"elementor-element elementor-element-0d16bb7 elementor-widget elementor-widget-spacer\" data-id=\"0d16bb7\" data-element_type=\"widget\" data-widget_type=\"spacer.default\">\n\t\t\t\t<div class=\"elementor-widget-container\">\n\t\t\t<style>\/*! elementor - v3.20.0 - 26-03-2024 *\/\n.elementor-column .elementor-spacer-inner{height:var(--spacer-size)}.e-con{--container-widget-width:100%}.e-con-inner>.elementor-widget-spacer,.e-con>.elementor-widget-spacer{width:var(--container-widget-width,var(--spacer-size));--align-self:var(--container-widget-align-self,initial);--flex-shrink:0}.e-con-inner>.elementor-widget-spacer>.elementor-widget-container,.e-con>.elementor-widget-spacer>.elementor-widget-container{height:100%;width:100%}.e-con-inner>.elementor-widget-spacer>.elementor-widget-container>.elementor-spacer,.e-con>.elementor-widget-spacer>.elementor-widget-container>.elementor-spacer{height:100%}.e-con-inner>.elementor-widget-spacer>.elementor-widget-container>.elementor-spacer>.elementor-spacer-inner,.e-con>.elementor-widget-spacer>.elementor-widget-container>.elementor-spacer>.elementor-spacer-inner{height:var(--container-widget-height,var(--spacer-size))}.e-con-inner>.elementor-widget-spacer.elementor-widget-empty,.e-con>.elementor-widget-spacer.elementor-widget-empty{position:relative;min-height:22px;min-width:22px}.e-con-inner>.elementor-widget-spacer.elementor-widget-empty .elementor-widget-empty-icon,.e-con>.elementor-widget-spacer.elementor-widget-empty .elementor-widget-empty-icon{position:absolute;top:0;bottom:0;left:0;right:0;margin:auto;padding:0;width:22px;height:22px}<\/style>\t\t<div class=\"elementor-spacer\">\n\t\t\t<div class=\"elementor-spacer-inner\"><\/div>\n\t\t<\/div>\n\t\t\t\t<\/div>\n\t\t\t\t<\/div>\n\t\t\t\t\t<\/div>\n\t\t<\/div>\n\t\t\t\t\t<\/div>\n\t\t<\/section>\n\t\t\t\t<section class=\"elementor-section elementor-top-section elementor-element elementor-element-505f9720 elementor-section-boxed elementor-section-height-default elementor-section-height-default\" data-id=\"505f9720\" data-element_type=\"section\">\n\t\t\t\t\t\t<div class=\"elementor-container elementor-column-gap-default\">\n\t\t\t\t\t<div class=\"elementor-column elementor-col-100 elementor-top-column elementor-element elementor-element-62cb6084\" data-id=\"62cb6084\" data-element_type=\"column\">\n\t\t\t<div class=\"elementor-widget-wrap elementor-element-populated\">\n\t\t\t\t\t\t<div class=\"elementor-element elementor-element-31af8651 elementor-widget elementor-widget-text-editor\" data-id=\"31af8651\" data-element_type=\"widget\" data-widget_type=\"text-editor.default\">\n\t\t\t\t<div class=\"elementor-widget-container\">\n\t\t\t<style>\/*! elementor - v3.20.0 - 26-03-2024 *\/\n.elementor-widget-text-editor.elementor-drop-cap-view-stacked .elementor-drop-cap{background-color:#69727d;color:#fff}.elementor-widget-text-editor.elementor-drop-cap-view-framed .elementor-drop-cap{color:#69727d;border:3px solid;background-color:transparent}.elementor-widget-text-editor:not(.elementor-drop-cap-view-default) .elementor-drop-cap{margin-top:8px}.elementor-widget-text-editor:not(.elementor-drop-cap-view-default) .elementor-drop-cap-letter{width:1em;height:1em}.elementor-widget-text-editor .elementor-drop-cap{float:left;text-align:center;line-height:1;font-size:50px}.elementor-widget-text-editor .elementor-drop-cap-letter{display:inline-block}<\/style>\t\t\t\t<!-- wp:heading {\"style\":{\"color\":{\"background\":\"#0e0f26\"}},\"textColor\":\"ast-global-color-5\",\"otterConditions\":[]} -->\n<h2 class=\"wp-block-heading has-ast-global-color-5-color has-text-color has-background\" style=\"background-color:#0e0f26\">PANEL DE EXPERTOS<\/h2>\n<!-- \/wp:heading -->\n\n<!-- wp:shortcode -->\n<div class=\"tmm tmm_panel-de-expertos\"><div class=\"tmm_3_columns tmm_wrap tmm_plugin_f\"><span class=\"tmm_two_containers_tablet\"><\/span><div class=\"tmm_container\"><div class=\"tmm_member\" style=\"border-top:#333333 solid 5px;\"><div class=\"tmm_photo tmm_pic_panel-de-expertos_0\" style=\"background: url(http:\/\/cori.institute\/wp-content\/uploads\/2022\/12\/Joao.Sousa_-320x360-1.jpg); margin-left: auto; margin-right:auto; background-size:cover !important;\"><\/div><div class=\"tmm_textblock\"><div class=\"tmm_names\"><span class=\"tmm_fname\">Jo\u00e3o<\/span> <span class=\"tmm_lname\">Sousa<\/span><\/div><div class=\"tmm_job\">Underwater Systems and Technologies Laboratory<\/div><div class=\"tmm_desc\" style=\"text-align:\"><p>Head of the Laborat\u00f3rio de Sistemas e Tecnologias Subaqu\u00e1ticas (Underwater Systems and Technologies Laboratory). Professor at the Electrical and Computer Engineering Department from Porto University in Portugal. He is a member of the Advisory Board of the Swedish Marine Robotics Center.<\/p><\/div><div class=\"tmm_scblock\"><a target=\"_blank\" class=\"tmm_sociallink\" href=\"https:\/\/lsts.pt\/member\/joo-sousa\" title=\"P\u00e1gina\"><img decoding=\"async\" alt=\"P\u00e1gina\" src=\"https:\/\/cori.institute\/wp-content\/plugins\/team-members\/inc\/img\/links\/customlink.png\"\/><\/a><\/div><\/div><\/div><div class=\"tmm_member\" style=\"border-top:#333333 solid 5px;\"><div class=\"tmm_photo tmm_pic_panel-de-expertos_1\" style=\"background: url(http:\/\/cori.institute\/wp-content\/uploads\/2022\/12\/kanna1.jpg); margin-left: auto; margin-right:auto; background-size:cover !important;\"><\/div><div class=\"tmm_textblock\"><div class=\"tmm_names\"><span class=\"tmm_fname\">Kanna<\/span> <span class=\"tmm_lname\">Rajan<\/span><\/div><div class=\"tmm_job\">Autonomous systems technologies<\/div><div class=\"tmm_desc\" style=\"text-align:\"><p>PI of NASA\u2019s 1999 Deep Space, 2004 MAPGEN and 1999 NASA Software of the Year Award, 2002 NASA Public Service medal and the 2004 NASA Exceptional Service. 2005-2014 moved to MBARI in California focused on ocean autonomous systems technologies. Nowadays working on integrating oceanographic observations across space and time with Small Satellites, aerial, surface and underwater vehicles on NTNU (Norway) and FEUP (Portugal).<\/p><\/div><div class=\"tmm_scblock\"><a target=\"_blank\" class=\"tmm_sociallink\" href=\"https:\/\/www.linkedin.com\/in\/kanna-rajan-b1713ab3\/\" title=\"LinkedIn\"><img decoding=\"async\" alt=\"LinkedIn\" src=\"https:\/\/cori.institute\/wp-content\/plugins\/team-members\/inc\/img\/links\/linkedin.png\"\/><\/a><\/div><\/div><\/div><div style=\"clear:both;\"><\/div><\/div><\/div><\/div>\n<!-- \/wp:shortcode -->\n\n<!-- wp:heading {\"style\":{\"color\":{\"background\":\"#0e0f26\"}},\"textColor\":\"ast-global-color-5\",\"otterConditions\":[]} -->\n<h2 class=\"wp-block-heading has-ast-global-color-5-color has-text-color has-background\" style=\"background-color:#0e0f26\">EN EL D\u00cdA A D\u00cdA<\/h2>\n<!-- \/wp:heading -->\n\n<!-- wp:shortcode -->\n<div class=\"tmm tmm_en-el-dia-a-dia\"><div class=\"tmm_3_columns tmm_wrap tmm_plugin_f\"><span class=\"tmm_two_containers_tablet\"><\/span><div class=\"tmm_container\"><div class=\"tmm_member\" style=\"border-top:#333333 solid 5px;\"><div class=\"tmm_photo tmm_pic_en-el-dia-a-dia_0\" style=\"background: url(http:\/\/cori.institute\/wp-content\/uploads\/2022\/12\/VF1KKBF1-k34F-U150289156474hrE-624x385@La-Verdad-e1643484110569.jpg); margin-left: auto; margin-right:auto; background-size:cover !important;\"><\/div><div class=\"tmm_textblock\"><div class=\"tmm_names\"><span class=\"tmm_fname\">Francisco<\/span> <span class=\"tmm_lname\">L\u00f3pez Castej\u00f3n<\/span><\/div><div class=\"tmm_job\">Founder and project management<\/div><div class=\"tmm_desc\" style=\"text-align:\"><p>Founder of the Cartagena Oceanographic Research Institute, and researcher at the Technical University of Cartagena, Spain, focus on the use of numerical models and underwater vehicles to address new challenges in oceanography.<\/p><p>Degree in Oceanography from the University of Cadiz (Spain), Masters in \u201cInformatics and mathematics applied to science and engineering\u201d from the University of Murcia (Spain) and PhD in Coastal lagoon hydrodynamics (Technical University of Cartagena). Before starting my career as researcher on 2009 I worked for 9 years at the oceanography R&amp;D department of TAXON, an environmental protection company, where in collaboration with the Technical University of Catalonia (Spain) I developed the numerical models applied by the company in their environmental impact studies.<\/p><\/div><div class=\"tmm_scblock\"><a target=\"_blank\" class=\"tmm_sociallink\" href=\"https:\/\/www.linkedin.com\/in\/francisco-lpez-castejn\/\" title=\"LinkedIn\"><img decoding=\"async\" alt=\"LinkedIn\" src=\"https:\/\/cori.institute\/wp-content\/plugins\/team-members\/inc\/img\/links\/linkedin.png\"\/><\/a><\/div><\/div><\/div><div class=\"tmm_member\" style=\"border-top:#333333 solid 5px;\"><div class=\"tmm_photo tmm_pic_en-el-dia-a-dia_1\" style=\"background: url(http:\/\/cori.institute\/wp-content\/uploads\/2022\/12\/foto_perfil_Pablo.jpg); margin-left: auto; margin-right:auto; background-size:cover !important;\"><\/div><div class=\"tmm_textblock\"><div class=\"tmm_names\"><span class=\"tmm_fname\">Pablo<\/span> <span class=\"tmm_lname\">Rodr\u00edguez Ros<\/span><\/div><div class=\"tmm_job\">Climate Change\/Citizen<\/div><div class=\"tmm_desc\" style=\"text-align:\"><p>I studied a BSc environmental sciences, then I did a M.Sc. in Global Change, a M.Sc. in Social Communication of Scientific Research, and a M. Sc. in Public Policy Management.<\/p><p>I am a PhD in marine sciences (2020) by the Institute of Marine Sciences (ICM-CSIC) in Barcelona thanks to a grant from \u201cla Caixa\u201d Foundation. I finished my PhD developing a research project at Scripps Institution of Oceanography (University of California San Diego) thanks to a Fulbright fellowship. During my PhD, I researched the topic of marine trace gases in the oceans with a special focus on the Antarctic Ocean, for which I used different ecological-biogeochemical modelling approaches. Currently, I tackle scientific and environmental issues by building bridges between science, society, and politics.<\/p><\/div><div class=\"tmm_scblock\"><a target=\"_blank\" class=\"tmm_sociallink\" href=\"https:\/\/www.linkedin.com\/in\/pablorodriguezros\/\" title=\"LinkedIn\"><img decoding=\"async\" alt=\"LinkedIn\" src=\"https:\/\/cori.institute\/wp-content\/plugins\/team-members\/inc\/img\/links\/linkedin.png\"\/><\/a><a target=\"_blank\" class=\"tmm_sociallink\" href=\"https:\/\/rodriguezrospablo.com\/\" title=\"website\"><img decoding=\"async\" alt=\"website\" src=\"https:\/\/cori.institute\/wp-content\/plugins\/team-members\/inc\/img\/links\/website.png\"\/><\/a><\/div><\/div><\/div><span class=\"tmm_two_containers_tablet\"><\/span><div class=\"tmm_member\" style=\"border-top:#333333 solid 5px;\"><div class=\"tmm_photo tmm_pic_en-el-dia-a-dia_2\" style=\"background: url(http:\/\/cori.institute\/wp-content\/uploads\/2022\/12\/foto_perfil_Keila-841x1024-1.jpg); margin-left: auto; margin-right:auto; background-size:cover !important;\"><\/div><div class=\"tmm_textblock\"><div class=\"tmm_names\"><span class=\"tmm_fname\">Keila <\/span> <span class=\"tmm_lname\">Lima<\/span><\/div><div class=\"tmm_job\">Autonomous underwater vehicle engineering<\/div><div class=\"tmm_desc\" style=\"text-align:\"><p>Software engineer at LSTS-FEUP graduated in Computer Science. Her work in LSTS began with her masters thesis whose main contribution was the creation of Dolphin, a domain-specific language (DSL) which was developed using Groovy.. This DSL addressed the control and coordination of multiple robots via the composition of tasks and its automatic allocation in an autonomous vehicle network.<br>Keila\u2019s main role in the lab has been contributing to the lab\u2019s open source software toolchain, ranging from low-level firmware to high-level multi-vehicle coordination tools. Besides software development, I have been on the field multiple times as an operator in land, coastal areas and the open sea.<\/p><\/div><div class=\"tmm_scblock\"><a target=\"_blank\" class=\"tmm_sociallink\" href=\"https:\/\/www.lsts.pt\/member\/keila-lima\" title=\"Website\"><img decoding=\"async\" alt=\"Website\" src=\"https:\/\/cori.institute\/wp-content\/plugins\/team-members\/inc\/img\/links\/website.png\"\/><\/a><\/div><\/div><\/div><\/div><span class=\"tmm_columns_containers_desktop\"><\/span><div class=\"tmm_container\"><div class=\"tmm_member\" style=\"border-top:#333333 solid 5px;\"><div class=\"tmm_photo tmm_pic_en-el-dia-a-dia_3\" style=\"background: url(http:\/\/cori.institute\/wp-content\/uploads\/2022\/12\/celia-scaled-e1642958962505-929x1024-1.jpg); margin-left: auto; margin-right:auto; background-size:cover !important;\"><\/div><div class=\"tmm_textblock\"><div class=\"tmm_names\"><span class=\"tmm_fname\">Celia<\/span> <span class=\"tmm_lname\">Murcia Lorenzo<\/span><\/div><div class=\"tmm_job\">European Blue Growth projects management<\/div><div class=\"tmm_desc\" style=\"text-align:\"><p style=\"background: white;margin: 0cm 0cm 18.0pt 0cm\"><span style=\"font-family: 'Helvetica',sans-serif;color: #444444\">Celia Murcia ha trabajado en diferentes pa\u00edses y entornos internacionales a nivel europeo y mediterr\u00e1neo. Esta experiencia le ha brindado una perspectiva m\u00e1s profunda sobre la Econom\u00eda Azul, en particular, de las pol\u00edticas mar\u00edtimas europeas, regulaci\u00f3n ambiental y principios de financiaci\u00f3n para actividades sostenibles en el medio marino.<br>Celia ha estado a cargo de numerosos contratos y proyectos de financiaci\u00f3n europeos (Interreg MED, Interreg MAC, EASME-EMFF, fondos DG MARE, etc.) relacionados con la Econom\u00eda Azul en diferentes tem\u00e1ticas.<br>Celia est\u00e1 especializada en la b\u00fasqueda de oportunidades, preparaci\u00f3n de propuestas nacionales y europeas, b\u00fasqueda de consorcios y gesti\u00f3n de proyectos europeos.<\/span><\/p><\/div><div class=\"tmm_scblock\"><\/div><\/div><\/div><span class=\"tmm_two_containers_tablet\"><\/span><div class=\"tmm_member\" style=\"border-top:#333333 solid 5px;\"><div class=\"tmm_photo tmm_pic_en-el-dia-a-dia_4\" style=\"background: url(http:\/\/cori.institute\/wp-content\/uploads\/2022\/12\/foto_perfil_Diego.jpg); margin-left: auto; margin-right:auto; background-size:cover !important;\"><\/div><div class=\"tmm_textblock\"><div class=\"tmm_names\"><span class=\"tmm_fname\">Diego <\/span> <span class=\"tmm_lname\">Arcas<\/span><\/div><div class=\"tmm_job\">Director of the NOAA Center for Tsunami Research<\/div><div class=\"tmm_desc\" style=\"text-align:\"><p style=\"background: white;margin: 0cm 0cm 18.0pt 0cm\"><span style=\"font-family: 'Helvetica',sans-serif;color: #444444\">Director of the NOAA Center for Tsunami Research and has been Senior Scientist\/Principal Investigator with the Joint Institute for the Study of the Atmosphere and Ocean (JISAO) of the University of Washington. He has a B.S, M.S and Ph.D. in Aerospace Engineering. His wide professional service include being co-chair the working group 1:UNESCOIntergovernmental Oceanographic Comission\/Pacific Tsunami Warning<br>System and grant proposal evaluator for European Commission (EU) (Directorate General for Research and Innovation), National Aeronautics and Space Administration (NASA), Agence Nationale de la Recerche, (ANR, France), Comisi\u00f3n Nacional de Investigaci\u00f3n Cient\u00edfica y Tecnol\u00f3gica (CONECYT, Chile).<\/span><\/p><\/div><div class=\"tmm_scblock\"><\/div><\/div><\/div><div class=\"tmm_member\" style=\"border-top:#333333 solid 5px;\"><div class=\"tmm_photo tmm_pic_en-el-dia-a-dia_5\" style=\"background: url(http:\/\/cori.institute\/wp-content\/uploads\/2022\/12\/foto_perfil_Teresa.jpg); margin-left: auto; margin-right:auto; background-size:cover !important;\"><\/div><div class=\"tmm_textblock\"><div class=\"tmm_names\"><span class=\"tmm_fname\">Teresa <\/span> <span class=\"tmm_lname\">Allepuz<\/span><\/div><div class=\"tmm_job\">Europe\/Comunication<\/div><div class=\"tmm_desc\" style=\"text-align:\"><p style=\"background: white;margin: 0cm 0cm 18.0pt 0cm\"><span style=\"font-family: 'Helvetica',sans-serif;color: #444444\">Ha cursado estudios de&nbsp;Filolog\u00eda Hisp\u00e1nica,&nbsp;Documentaci\u00f3n&nbsp;y&nbsp;Periodismo&nbsp;en la Universidad de Murcia. Ha realizado numerosos cursos de postgrado sobre&nbsp; la Uni\u00f3n Europea y, en especial, sus fuentes de informaci\u00f3n;&nbsp;&nbsp;comunicaci\u00f3n,&nbsp;marketing,&nbsp;documentaci\u00f3n y divulgaci\u00f3n cient\u00edficas. Ha impartido formaci\u00f3n en diversas instituciones nacionales y ha participado como ponente en seminarios, talleres y cursos relativos a estas \u00e1reas.Tambi\u00e9n ha publicado varios art\u00edculos en revistas especializadas. Es funcionaria de carrera de la Comunidad Aut\u00f3noma de la Regi\u00f3n de Murcia desde hace dos d\u00e9cadas. Antes de trabajar en la Funci\u00f3n P\u00fablica auton\u00f3mica ha trabajado en empresas de Madrid, Murcia y Alicante. Desde 2012 est\u00e1 a cargo de Europe Direct Regi\u00f3n de Murcia.<\/span><\/p><\/div><div class=\"tmm_scblock\"><\/div><\/div><\/div><span class=\"tmm_two_containers_tablet\"><\/span><\/div><span class=\"tmm_columns_containers_desktop\"><\/span><div class=\"tmm_container\"><div class=\"tmm_member\" style=\"border-top:#333333 solid 5px;\"><div class=\"tmm_photo tmm_pic_en-el-dia-a-dia_6\" style=\"background: url(http:\/\/cori.institute\/wp-content\/uploads\/2022\/12\/foto_felipe.jpg); margin-left: auto; margin-right:auto; background-size:cover !important;\"><\/div><div class=\"tmm_textblock\"><div class=\"tmm_names\"><span class=\"tmm_fname\">Felipe<\/span> <span class=\"tmm_lname\">Cerezo Andreo<\/span><\/div><div class=\"tmm_scblock\"><a target=\"_blank\" class=\"tmm_sociallink\" href=\"https:\/\/orcid.org\/0000-0003-0025-1726\" title=\"Website\"><img decoding=\"async\" alt=\"Website\" src=\"https:\/\/cori.institute\/wp-content\/plugins\/team-members\/inc\/img\/links\/website.png\"\/><\/a><\/div><\/div><\/div><div style=\"clear:both;\"><\/div><\/div><\/div><\/div>\n<!-- \/wp:shortcode -->\n\n<!-- wp:heading {\"style\":{\"color\":{\"background\":\"#0e0f26\"}},\"textColor\":\"ast-global-color-5\",\"otterConditions\":[]} -->\n<h2 class=\"wp-block-heading has-ast-global-color-5-color has-text-color has-background\" style=\"background-color:#0e0f26\">ESTUDIANTES<\/h2>\n<!-- \/wp:heading -->\n\n<!-- wp:shortcode -->\n<div class=\"tmm tmm_estudiantes\"><div class=\"tmm_3_columns tmm_wrap tmm_plugin_f\"><span class=\"tmm_two_containers_tablet\"><\/span><div class=\"tmm_container\"><div class=\"tmm_member\" style=\"border-top:#333333 solid 5px;\"><div class=\"tmm_photo tmm_pic_estudiantes_0\" style=\"background: url(http:\/\/cori.institute\/wp-content\/uploads\/2022\/12\/alejandro-cori-461x1024-1-e1671804276214.jpeg); margin-left: auto; margin-right:auto; background-size:cover !important;\"><\/div><div class=\"tmm_textblock\"><div class=\"tmm_names\"><span class=\"tmm_fname\">Alejandro <\/span> <span class=\"tmm_lname\">G\u00f3mez Mart\u00ednez<\/span><\/div><div class=\"tmm_job\">Telematic Engineer<\/div><div class=\"tmm_desc\" style=\"text-align:\"><p style=\"background: white;margin: 0cm 0cm 18.0pt 0cm\"><span style=\"font-family: 'Helvetica',sans-serif;color: #444444\">Alumno de la Universidad Polit\u00e9cnica de Cartagena (Spain) en el \u00faltimo curso del Grado de Ingenier\u00eda Telem\u00e1tica. Actualmente voy a comenzar las pr\u00e1cticas de empresa en el Instituto de Investigaci\u00f3n Oceanogr\u00e1fica de Cartagena (CORI), colaborando con diferentes tareas orientadas a mi \u00e1mbito tecnol\u00f3gico.<\/span><\/p><\/div><div class=\"tmm_scblock\"><\/div><\/div><\/div><div class=\"tmm_member\" style=\"border-top:#333333 solid 5px;\"><div class=\"tmm_photo tmm_pic_estudiantes_1\" style=\"background: url(http:\/\/cori.institute\/wp-content\/uploads\/2022\/12\/foto-marina.jpeg); margin-left: auto; margin-right:auto; background-size:cover !important;\"><\/div><div class=\"tmm_textblock\"><div class=\"tmm_names\"><span class=\"tmm_fname\">Marina<\/span> <span class=\"tmm_lname\">Egea Barquero<\/span><\/div><div class=\"tmm_job\">Communication<\/div><div class=\"tmm_desc\" style=\"text-align:\"><p style=\"background: white;margin: 0cm 0cm 18.0pt 0cm\"><span style=\"font-family: 'Helvetica',sans-serif;color: #444444\">Graduada en Periodismo por la Universidad de Murcia, con la inquietud y curiosidad de fondo de los profesionales de la informaci\u00f3n. Estudiante de M\u00e1ster en Comunicaci\u00f3n M\u00f3vi y Contenidos Digitales.<br>El fin del periodista es descubrir para mostrar, no dejar de aprender ni de ense\u00f1ar. Y este es mi papel en CORI.<\/span><\/p><\/div><div class=\"tmm_scblock\"><a target=\"_blank\" class=\"tmm_sociallink\" href=\"https:\/\/www.linkedin.com\/in\/marina-egea-barquero\/\" title=\"LinkedIn\"><img decoding=\"async\" alt=\"LinkedIn\" src=\"https:\/\/cori.institute\/wp-content\/plugins\/team-members\/inc\/img\/links\/linkedin.png\"\/><\/a><\/div><\/div><\/div><span class=\"tmm_two_containers_tablet\"><\/span><div class=\"tmm_member\" style=\"border-top:#333333 solid 5px;\"><div class=\"tmm_photo tmm_pic_estudiantes_2\" style=\"background: url(https:\/\/cori.institute\/wp-content\/uploads\/2022\/12\/angelica-estudiante-practicas.jpeg); margin-left: auto; margin-right:auto; background-size:cover !important;\"><\/div><div class=\"tmm_textblock\"><div class=\"tmm_names\"><span class=\"tmm_fname\">Ang\u00e9lica<\/span> <span class=\"tmm_lname\"> Bas G\u00f3mez<\/span><\/div><div class=\"tmm_job\">Researcher<\/div><div class=\"tmm_desc\" style=\"text-align:\"><p>Angelica holds a BSc in Animal Behaviour with Professional Placement (University of Exeter, UK) and is currently pursuing a master&#8217;s degree in Coastal and Marine Management (University Centre of the Westfjords, Iceland). <br><br>Her current research focuses on Marine Spatial Planning configuration through ecosystem-based management techniques. She has also assisted in maritime archaeology and fish biodiversity research projects, which she is particularly passionate about.<\/p><\/div><div class=\"tmm_scblock\"><a target=\"_blank\" class=\"tmm_sociallink\" href=\"https:\/\/www.linkedin.com\/in\/angelica-bas-gomez\" title=\"LinkedIn\"><img decoding=\"async\" alt=\"LinkedIn\" src=\"https:\/\/cori.institute\/wp-content\/plugins\/team-members\/inc\/img\/links\/linkedin.png\"\/><\/a><\/div><\/div><\/div><\/div><span class=\"tmm_columns_containers_desktop\"><\/span><div class=\"tmm_container\"><div class=\"tmm_member\" style=\"border-top:#333333 solid 5px;\"><div class=\"tmm_photo tmm_pic_estudiantes_3\" style=\"background: url(https:\/\/cori.institute\/wp-content\/uploads\/2022\/12\/WhatsApp-Image-2022-10-18-at-00.03.26.jpeg); margin-left: auto; margin-right:auto; background-size:cover !important;\"><\/div><div class=\"tmm_textblock\"><div class=\"tmm_names\"><span class=\"tmm_fname\">Jose Alberto<\/span> <span class=\"tmm_lname\">Reina Hidalgo<\/span><\/div><div class=\"tmm_job\">Dise\u00f1ador Web<\/div><div class=\"tmm_desc\" style=\"text-align:\"><p>Estudiante de Publicidad de la Universidad de Murcia y diplomado en dise\u00f1o gr\u00e1fico. Estoy aqu\u00ed para aportar mi experiencia como dise\u00f1ador web y dise\u00f1ador gr\u00e1fico en Cori, trabajando en la mejora de la p\u00e1gina web principal y en diversos proyectos.&nbsp;&nbsp;<\/p><\/div><div class=\"tmm_scblock\"><a target=\"_blank\" class=\"tmm_sociallink\" href=\"https:\/\/www.albertoreina.com\/\" title=\"Web Personal\"><img decoding=\"async\" alt=\"Web Personal\" src=\"https:\/\/cori.institute\/wp-content\/plugins\/team-members\/inc\/img\/links\/website.png\"\/><\/a><a target=\"_blank\" class=\"tmm_sociallink\" href=\"https:\/\/www.instagram.com\/alberto_reinaa\/\" title=\"\"><img decoding=\"async\" alt=\"\" src=\"https:\/\/cori.institute\/wp-content\/plugins\/team-members\/inc\/img\/links\/instagram.png\"\/><\/a><\/div><\/div><\/div><div style=\"clear:both;\"><\/div><\/div><\/div><\/div>\n<!-- \/wp:shortcode -->\n\n<!-- wp:heading {\"style\":{\"color\":{\"background\":\"#0e0f26\"}},\"textColor\":\"ast-global-color-5\",\"otterConditions\":[]} -->\n<h2 class=\"wp-block-heading has-ast-global-color-5-color has-text-color has-background\" style=\"background-color:#0e0f26\">ANTIGUOS ESTUDIANTES<\/h2>\n<!-- \/wp:heading -->\n\n<!-- wp:shortcode -->\n<div class=\"tmm tmm_antiguos-estudiantes\"><div class=\"tmm_3_columns tmm_wrap tmm_plugin_f\"><span class=\"tmm_two_containers_tablet\"><\/span><div class=\"tmm_container\"><div class=\"tmm_member\" style=\"border-top:#333333 solid 5px;\"><div class=\"tmm_photo tmm_pic_antiguos-estudiantes_0\" style=\"background: url(http:\/\/cori.institute\/wp-content\/uploads\/2022\/12\/joaquin.jpg); margin-left: auto; margin-right:auto; background-size:cover !important;\"><\/div><div class=\"tmm_textblock\"><div class=\"tmm_names\"><span class=\"tmm_fname\">Joaqu\u00edn <\/span> <span class=\"tmm_lname\">Carrasco Palaz\u00f3n<\/span><\/div><div class=\"tmm_job\">Mechanical Engineer<\/div><div class=\"tmm_desc\" style=\"text-align:\"><p style=\"background: white;margin: 0cm 0cm 18.0pt 0cm\"><span style=\"font-family: 'Helvetica',sans-serif;color: #444444\">Ingeniero mec\u00e1nico, m\u00e1ster en investigaci\u00f3n en rob\u00f3tica, futuro m\u00e1ster en investigaci\u00f3n en inteligencia artificial.<\/span><\/p><\/div><div class=\"tmm_scblock\"><\/div><\/div><\/div><div class=\"tmm_member\" style=\"border-top:#333333 solid 5px;\"><div class=\"tmm_photo tmm_pic_antiguos-estudiantes_1\" style=\"background: url(http:\/\/cori.institute\/wp-content\/uploads\/2022\/12\/rosana-e1645986396421-1024x899-1.jpeg); margin-left: auto; margin-right:auto; background-size:cover !important;\"><\/div><div class=\"tmm_textblock\"><div class=\"tmm_names\"><span class=\"tmm_fname\">Rosana<\/span> <span class=\"tmm_lname\">Cobacho<\/span><\/div><div class=\"tmm_job\">Administraci\u00f3n y direcci\u00f3n de empresa<\/div><div class=\"tmm_desc\" style=\"text-align:\"><p style=\"background: white;margin: 0cm 0cm 18.0pt 0cm\"><span style=\"font-family: 'Helvetica',sans-serif;color: #444444\">Graduada en Administraci\u00f3n y direcci\u00f3n de Empresas. Mi papel en CORI es conseguir que se lleve a cabo una buena gesti\u00f3n y se implemente una estrategia de Responsabilidad Social Corporativa.<\/span><\/p><\/div><div class=\"tmm_scblock\"><\/div><\/div><\/div><span class=\"tmm_two_containers_tablet\"><\/span><div class=\"tmm_member\" style=\"border-top:#333333 solid 5px;\"><div class=\"tmm_photo tmm_pic_antiguos-estudiantes_2\" style=\"background: url(https:\/\/cori.institute\/wp-content\/uploads\/2022\/12\/laura-sanchez-766x1024-1.jpg); margin-left: auto; margin-right:auto; background-size:cover !important;\"><\/div><div class=\"tmm_textblock\"><div class=\"tmm_names\"><span class=\"tmm_fname\">Laura<\/span> <span class=\"tmm_lname\">Salas Lajar\u00edn<\/span><\/div><div class=\"tmm_job\">Industrial Engineer<\/div><div class=\"tmm_desc\" style=\"text-align:\"><p>Estudiante de cuarto curso del Grado en Ingenier\u00eda en Tecnolog\u00edas Industriales en la Universidad Polit\u00e9cnica de Cartagena. Comienzo las pr\u00e1cticas en CORI con el objetivo de crecer profesionalmente en un proyecto de mi inter\u00e9s donde poder aplicar los conocimientos que he adquirido durante mis a\u00f1os en la universidad.<\/p><\/div><div class=\"tmm_scblock\"><\/div><\/div><\/div><div style=\"clear:both;\"><\/div><\/div><\/div><\/div>\n<!-- \/wp:shortcode -->\t\t\t\t\t\t<\/div>\n\t\t\t\t<\/div>\n\t\t\t\t\t<\/div>\n\t\t<\/div>\n\t\t\t\t\t<\/div>\n\t\t<\/section>\n\t\t\t\t<\/div>\n\t\t","protected":false},"excerpt":{"rendered":"<p>PANEL DE EXPERTOS EN EL D\u00cdA A D\u00cdA ESTUDIANTES ANTIGUOS ESTUDIANTES<\/p>\n","protected":false},"author":2,"featured_media":0,"parent":0,"menu_order":0,"comment_status":"closed","ping_status":"closed","template":"elementor_header_footer","meta":{"_uag_custom_page_level_css":"","site-sidebar-layout":"default","site-content-layout":"","ast-site-content-layout":"","site-content-style":"default","site-sidebar-style":"default","ast-global-header-display":"","ast-banner-title-visibility":"","ast-main-header-display":"","ast-hfb-above-header-display":"","ast-hfb-below-header-display":"","ast-hfb-mobile-header-display":"","site-post-title":"disabled","ast-breadcrumbs-content":"","ast-featured-img":"","footer-sml-layout":"","theme-transparent-header-meta":"","adv-header-id-meta":"","stick-header-meta":"","header-above-stick-meta":"","header-main-stick-meta":"","header-below-stick-meta":"","astra-migrate-meta-layouts":"default","ast-page-background-enabled":"default","ast-page-background-meta":{"desktop":{"background-color":"var(--ast-global-color-4)","background-image":"","background-repeat":"repeat","background-position":"center center","background-size":"auto","background-attachment":"scroll","background-type":"","background-media":"","overlay-type":"","overlay-color":"","overlay-gradient":""},"tablet":{"background-color":"","background-image":"","background-repeat":"repeat","background-position":"center center","background-size":"auto","background-attachment":"scroll","background-type":"","background-media":"","overlay-type":"","overlay-color":"","overlay-gradient":""},"mobile":{"background-color":"","background-image":"","background-repeat":"repeat","background-position":"center center","background-size":"auto","background-attachment":"scroll","background-type":"","background-media":"","overlay-type":"","overlay-color":"","overlay-gradient":""}},"ast-content-background-meta":{"desktop":{"background-color":"var(--ast-global-color-5)","background-image":"","background-repeat":"repeat","background-position":"center center","background-size":"auto","background-attachment":"scroll","background-type":"","background-media":"","overlay-type":"","overlay-color":"","overlay-gradient":""},"tablet":{"background-color":"var(--ast-global-color-5)","background-image":"","background-repeat":"repeat","background-position":"center center","background-size":"auto","background-attachment":"scroll","background-type":"","background-media":"","overlay-type":"","overlay-color":"","overlay-gradient":""},"mobile":{"background-color":"var(--ast-global-color-5)","background-image":"","background-repeat":"repeat","background-position":"center center","background-size":"auto","background-attachment":"scroll","background-type":"","background-media":"","overlay-type":"","overlay-color":"","overlay-gradient":""}},"_themeisle_gutenberg_block_has_review":false,"footnotes":""},"class_list":["post-45","page","type-page","status-publish","hentry"],"yoast_head":"<!-- This site is optimized with the Yoast SEO plugin v22.3 - https:\/\/yoast.com\/wordpress\/plugins\/seo\/ -->\n<title>Equipo de Personas que Trabajan en CORI<\/title>\n<meta name=\"description\" content=\"Todas las personas involucradas en el proyecto de la investigaci\u00f3n de los oc\u00e9anos. Expertos en tecnolog\u00edas mar\u00edtimas.\" \/>\n<meta name=\"robots\" content=\"index, follow, max-snippet:-1, max-image-preview:large, max-video-preview:-1\" \/>\n<link rel=\"canonical\" href=\"https:\/\/cori.institute\/index.php\/equipo\/\" \/>\n<meta property=\"og:locale\" content=\"en_US\" \/>\n<meta property=\"og:type\" content=\"article\" \/>\n<meta property=\"og:title\" content=\"Equipo de Personas que Trabajan en CORI\" \/>\n<meta property=\"og:description\" content=\"Todas las personas involucradas en el proyecto de la investigaci\u00f3n de los oc\u00e9anos. Expertos en tecnolog\u00edas mar\u00edtimas.\" \/>\n<meta property=\"og:url\" content=\"https:\/\/cori.institute\/index.php\/equipo\/\" \/>\n<meta property=\"article:modified_time\" content=\"2023-08-09T10:29:26+00:00\" \/>\n<meta name=\"twitter:card\" content=\"summary_large_image\" \/>\n<meta name=\"twitter:label1\" content=\"Est. reading time\" \/>\n\t<meta name=\"twitter:data1\" content=\"1 minute\" \/>\n<script type=\"application\/ld+json\" class=\"yoast-schema-graph\">{\"@context\":\"https:\/\/schema.org\",\"@graph\":[{\"@type\":\"WebPage\",\"@id\":\"https:\/\/cori.institute\/index.php\/equipo\/\",\"url\":\"https:\/\/cori.institute\/index.php\/equipo\/\",\"name\":\"Equipo de Personas que Trabajan en CORI\",\"isPartOf\":{\"@id\":\"https:\/\/cori.institute\/#website\"},\"datePublished\":\"2022-12-22T18:48:28+00:00\",\"dateModified\":\"2023-08-09T10:29:26+00:00\",\"description\":\"Todas las personas involucradas en el proyecto de la investigaci\u00f3n de los oc\u00e9anos. Expertos en tecnolog\u00edas mar\u00edtimas.\",\"breadcrumb\":{\"@id\":\"https:\/\/cori.institute\/index.php\/equipo\/#breadcrumb\"},\"inLanguage\":\"en-US\",\"potentialAction\":[{\"@type\":\"ReadAction\",\"target\":[\"https:\/\/cori.institute\/index.php\/equipo\/\"]}]},{\"@type\":\"BreadcrumbList\",\"@id\":\"https:\/\/cori.institute\/index.php\/equipo\/#breadcrumb\",\"itemListElement\":[{\"@type\":\"ListItem\",\"position\":1,\"name\":\"Portada\",\"item\":\"https:\/\/cori.institute\/\"},{\"@type\":\"ListItem\",\"position\":2,\"name\":\"EQUIPO\"}]},{\"@type\":\"WebSite\",\"@id\":\"https:\/\/cori.institute\/#website\",\"url\":\"https:\/\/cori.institute\/\",\"name\":\"\",\"description\":\"Descubriendo el oc\u00e9ano invisible\",\"potentialAction\":[{\"@type\":\"SearchAction\",\"target\":{\"@type\":\"EntryPoint\",\"urlTemplate\":\"https:\/\/cori.institute\/?s={search_term_string}\"},\"query-input\":\"required name=search_term_string\"}],\"inLanguage\":\"en-US\"}]}<\/script>\n<!-- \/ Yoast SEO plugin. -->","yoast_head_json":{"title":"Equipo de Personas que Trabajan en CORI","description":"Todas las personas involucradas en el proyecto de la investigaci\u00f3n de los oc\u00e9anos. Expertos en tecnolog\u00edas mar\u00edtimas.","robots":{"index":"index","follow":"follow","max-snippet":"max-snippet:-1","max-image-preview":"max-image-preview:large","max-video-preview":"max-video-preview:-1"},"canonical":"https:\/\/cori.institute\/index.php\/equipo\/","og_locale":"en_US","og_type":"article","og_title":"Equipo de Personas que Trabajan en CORI","og_description":"Todas las personas involucradas en el proyecto de la investigaci\u00f3n de los oc\u00e9anos. Expertos en tecnolog\u00edas mar\u00edtimas.","og_url":"https:\/\/cori.institute\/index.php\/equipo\/","article_modified_time":"2023-08-09T10:29:26+00:00","twitter_card":"summary_large_image","twitter_misc":{"Est. reading time":"1 minute"},"schema":{"@context":"https:\/\/schema.org","@graph":[{"@type":"WebPage","@id":"https:\/\/cori.institute\/index.php\/equipo\/","url":"https:\/\/cori.institute\/index.php\/equipo\/","name":"Equipo de Personas que Trabajan en CORI","isPartOf":{"@id":"https:\/\/cori.institute\/#website"},"datePublished":"2022-12-22T18:48:28+00:00","dateModified":"2023-08-09T10:29:26+00:00","description":"Todas las personas involucradas en el proyecto de la investigaci\u00f3n de los oc\u00e9anos. Expertos en tecnolog\u00edas mar\u00edtimas.","breadcrumb":{"@id":"https:\/\/cori.institute\/index.php\/equipo\/#breadcrumb"},"inLanguage":"en-US","potentialAction":[{"@type":"ReadAction","target":["https:\/\/cori.institute\/index.php\/equipo\/"]}]},{"@type":"BreadcrumbList","@id":"https:\/\/cori.institute\/index.php\/equipo\/#breadcrumb","itemListElement":[{"@type":"ListItem","position":1,"name":"Portada","item":"https:\/\/cori.institute\/"},{"@type":"ListItem","position":2,"name":"EQUIPO"}]},{"@type":"WebSite","@id":"https:\/\/cori.institute\/#website","url":"https:\/\/cori.institute\/","name":"","description":"Descubriendo el oc\u00e9ano invisible","potentialAction":[{"@type":"SearchAction","target":{"@type":"EntryPoint","urlTemplate":"https:\/\/cori.institute\/?s={search_term_string}"},"query-input":"required name=search_term_string"}],"inLanguage":"en-US"}]}},"uagb_featured_image_src":{"full":false,"thumbnail":false,"medium":false,"medium_large":false,"large":false,"1536x1536":false,"2048x2048":false},"uagb_author_info":{"display_name":"Marina","author_link":"https:\/\/cori.institute\/index.php\/author\/marina\/"},"uagb_comment_info":0,"uagb_excerpt":"PANEL DE EXPERTOS EN EL D\u00cdA A D\u00cdA ESTUDIANTES ANTIGUOS ESTUDIANTES","_links":{"self":[{"href":"https:\/\/cori.institute\/index.php\/wp-json\/wp\/v2\/pages\/45","targetHints":{"allow":["GET"]}}],"collection":[{"href":"https:\/\/cori.institute\/index.php\/wp-json\/wp\/v2\/pages"}],"about":[{"href":"https:\/\/cori.institute\/index.php\/wp-json\/wp\/v2\/types\/page"}],"author":[{"embeddable":true,"href":"https:\/\/cori.institute\/index.php\/wp-json\/wp\/v2\/users\/2"}],"replies":[{"embeddable":true,"href":"https:\/\/cori.institute\/index.php\/wp-json\/wp\/v2\/comments?post=45"}],"version-history":[{"count":0,"href":"https:\/\/cori.institute\/index.php\/wp-json\/wp\/v2\/pages\/45\/revisions"}],"wp:attachment":[{"href":"https:\/\/cori.institute\/index.php\/wp-json\/wp\/v2\/media?parent=45"}],"curies":[{"name":"wp","href":"https:\/\/api.w.org\/{rel}","templated":true}]}}